

{"id":2386,"date":"2014-12-16T01:33:12","date_gmt":"2014-12-16T01:33:12","guid":{"rendered":"https:\/\/www.iniciatives.org\/test\/NEW\/qui-som\/"},"modified":"2025-06-25T18:24:39","modified_gmt":"2025-06-25T16:24:39","slug":"qui-som","status":"publish","type":"page","link":"https:\/\/www.iniciatives.org\/es\/qui-som\/","title":{"rendered":"Presentaci\u00f3n"},"content":{"rendered":"\n<div class=\"wp-block-cover alignfull is-light\" style=\"min-height:550px;aspect-ratio:unset;aspect-ratio:unset;\"><span aria-hidden=\"true\" class=\"wp-block-cover__background has-background-dim-0 has-background-dim\" style=\"background-color:#868078\"><\/span><img loading=\"lazy\" decoding=\"async\" width=\"1366\" height=\"519\" class=\"wp-block-cover__image-background wp-image-1288\" alt=\"Grup de nois i noies esperant a ser servits al menjador del centre d'acollida de Santa Perp\u00e8tua de Mogoda.\" src=\"https:\/\/www.iniciatives.org\/wp-content\/uploads\/2014\/12\/Quisomdefdef.jpg\" data-object-fit=\"cover\" srcset=\"https:\/\/www.iniciatives.org\/wp-content\/uploads\/2014\/12\/Quisomdefdef.jpg 1366w, https:\/\/www.iniciatives.org\/wp-content\/uploads\/2014\/12\/Quisomdefdef-800x304.jpg 800w, https:\/\/www.iniciatives.org\/wp-content\/uploads\/2014\/12\/Quisomdefdef-768x292.jpg 768w, https:\/\/www.iniciatives.org\/wp-content\/uploads\/2014\/12\/Quisomdefdef-1200x456.jpg 1200w\" sizes=\"auto, (max-width: 1366px) 100vw, 1366px\" \/><div class=\"wp-block-cover__inner-container is-layout-constrained wp-block-cover-is-layout-constrained\">\n<p class=\"has-text-align-center has-nv-text-dark-bg-color has-text-color has-link-color wp-elements-0bad6a550f5c7b693966b3f7e4d8525a\" style=\"font-size:50px;font-style:normal;font-weight:900\">Presentaci\u00f3n<\/p>\n<\/div><\/div>\n\n\n\n<div class=\"wp-block-columns is-layout-flex wp-container-core-columns-is-layout-093b9794 wp-block-columns-is-layout-flex\" style=\"padding-bottom:0\">\n<div class=\"wp-block-column is-layout-flow wp-block-column-is-layout-flow\">\n<p>Iniciatives Solid\u00e0ries es una ONG de acci\u00f3n social que est\u00e1 al servicio de quien m\u00e1s lo necesita y tiene como misi\u00f3n fomentar la autonom\u00eda de las personas que viven en riesgo de exclusi\u00f3n social. La atenci\u00f3n personalizada que ofrecemos y la metodolog\u00eda de trabajo que utilizamos contribuyen a empoderar a las personas atendidas con el objetivo de que protagonicen su propio itinerario de inserci\u00f3n hasta conseguir el mayor grado de integraci\u00f3n posible en nuestra sociedad.<\/p>\n\n\n\n<p>Iniciatives pretende ser un agente de cambio y de transformaci\u00f3n social entre los que tenemos m\u00e1s cerca. Por ello, la entidad cuenta con varios programas que se pueden agrupar en cuatro grandes grupos: <strong>acogida<\/strong> -para colectivos que van desde refugiados pol\u00edticos hasta sin techo; <strong>inserci\u00f3n<\/strong> -con proyectos que fomentan el empleo de personas en riesgo de exclusi\u00f3n social; <strong>infancia<\/strong> -con un centro que apoya a j\u00f3venes con dificultades; y <strong>acci\u00f3n comunitaria<\/strong> -con acciones que buscan paliar los efectos de la crisis econ\u00f3mica.<\/p>\n\n\n\n<p>La entidad naci\u00f3 del voluntariado cuando, a finales de los a\u00f1os 80, un grupo de voluntarios que hab\u00eda puesto en marcha un <em>esplai<\/em> en L\u2019Hospitalet del Llobregat comenz\u00f3 a cooperar con un programa que trabajaba para cubrir las necesidades alimenticias de una escuela para ni\u00f1os sin recursos en Per\u00fa, y poco despu\u00e9s con otra entidad que enviaba alimentos a orfanatos de Rumania.<\/p>\n\n\n\n<p>El impulso por el crecimiento de Iniciatives lleg\u00f3 en 1996 con la profesionalizaci\u00f3n de la entidad y con la propuesta de la Comisi\u00f3n Espa\u00f1ola de Ayuda al Refugiado para crear un centro de acogida para refugiados. Desde entonces, la entidad ha seguido trabajando para ayudar a quienes siempre les toca perder, adaptando su labor a las necesidades de cada momento.<\/p>\n<\/div>\n\n\n\n<div class=\"wp-block-column has-background is-layout-flow wp-block-column-is-layout-flow\" style=\"border-top-style:none;border-top-width:0px;border-right-style:none;border-right-width:0px;border-bottom-color:var(--wp--preset--color--neve-text-color);border-bottom-width:2px;border-left-style:none;border-left-width:0px;background-color:#e6eded;padding-top:var(--wp--preset--spacing--60);padding-right:var(--wp--preset--spacing--60);padding-bottom:var(--wp--preset--spacing--50);padding-left:var(--wp--preset--spacing--60)\">\n<p><em>Bienvenidos a Iniciatives Solid\u00e0ries,<\/em><\/p>\n\n\n\n<p><em>Quiero abriros las puertas de la entidad y invitaros a formar parte de ella.<\/em><\/p>\n\n\n\n<p><em>Hace veinte a\u00f1os, convencidos de la necesidad de educar en valores, un grupo de hombres y mujeres decidimos reunirnos alrededor de una propuesta: caminar junto a quienes siempre les toca perder. Y convencidos de que, para ser agentes de cambio personal y social, nos hac\u00eda falta organizarnos, decidimos impulsar una entidad social, sin \u00e1nimo de lucro.<\/em><\/p>\n\n\n\n<p><em>Estamos plenamente convencidos y convencidas de que solos no lo podemos hacer: necesitamos que m\u00e1s ciudadanas y ciudadanos como vosotros hag\u00e1is vuestro el proyecto. Que os incorpor\u00e9is como voluntarios, que trabaj\u00e9is con nosotros, que nos hag\u00e1is llegar vuestra generosidad.<\/em><\/p>\n\n\n\n<p><em>Sin nuestra implicaci\u00f3n, sin la vuestra, las personas en riesgo de exclusi\u00f3n social no lo conseguir\u00e1n.<\/em><\/p>\n\n\n\n<p><em>Guillem Correa<\/em><br><em>Presidente<\/em><\/p>\n\n\n\n<figure class=\"wp-block-image alignright size-large is-resized\"><img loading=\"lazy\" decoding=\"async\" width=\"1176\" height=\"1200\" src=\"https:\/\/www.iniciatives.org\/wp-content\/uploads\/2014\/12\/Iniciatives-8216-1176x1200.png\" alt=\"Guillem Correa\nPresident\" class=\"wp-image-1563\" style=\"width:300px\" srcset=\"https:\/\/www.iniciatives.org\/wp-content\/uploads\/2014\/12\/Iniciatives-8216-1176x1200.png 1176w, https:\/\/www.iniciatives.org\/wp-content\/uploads\/2014\/12\/Iniciatives-8216-784x800.png 784w, https:\/\/www.iniciatives.org\/wp-content\/uploads\/2014\/12\/Iniciatives-8216-768x784.png 768w, https:\/\/www.iniciatives.org\/wp-content\/uploads\/2014\/12\/Iniciatives-8216-1505x1536.png 1505w, https:\/\/www.iniciatives.org\/wp-content\/uploads\/2014\/12\/Iniciatives-8216-2007x2048.png 2007w\" sizes=\"auto, (max-width: 1176px) 100vw, 1176px\" \/><\/figure>\n<\/div>\n<\/div>\n","protected":false},"excerpt":{"rendered":"<p>Iniciatives Solid\u00e0ries es una ONG de acci\u00f3n social que est\u00e1 al servicio de quien m\u00e1s lo necesita y tiene como misi\u00f3n fomentar la autonom\u00eda de las personas que viven en riesgo de exclusi\u00f3n social. La atenci\u00f3n personalizada que ofrecemos y la metodolog\u00eda de trabajo que utilizamos contribuyen a empoderar a las personas atendidas con el&hellip;&nbsp;<a href=\"https:\/\/www.iniciatives.org\/es\/qui-som\/\" rel=\"bookmark\">Leer m\u00e1s &raquo;<span class=\"screen-reader-text\">Presentaci\u00f3n<\/span><\/a><\/p>\n","protected":false},"author":3,"featured_media":2388,"parent":0,"menu_order":29,"comment_status":"closed","ping_status":"open","template":"","meta":{"_eb_attr":"","neve_meta_sidebar":"","neve_meta_container":"","neve_meta_enable_content_width":"","neve_meta_content_width":0,"neve_meta_title_alignment":"","neve_meta_author_avatar":"","neve_post_elements_order":"","neve_meta_disable_header":"","neve_meta_disable_footer":"","neve_meta_disable_title":"on","footnotes":""},"class_list":["post-2386","page","type-page","status-publish","has-post-thumbnail","hentry"],"yoast_head":"<!-- This site is optimized with the Yoast SEO plugin v25.4 - https:\/\/yoast.com\/wordpress\/plugins\/seo\/ -->\n<title>Presentaci\u00f3n - Iniciatives Solid\u00e0ries<\/title>\n<meta name=\"robots\" content=\"index, follow, max-snippet:-1, max-image-preview:large, max-video-preview:-1\" \/>\n<link rel=\"canonical\" href=\"https:\/\/www.iniciatives.org\/es\/qui-som\/\" \/>\n<meta property=\"og:locale\" content=\"es_ES\" \/>\n<meta property=\"og:type\" content=\"article\" \/>\n<meta property=\"og:title\" content=\"Presentaci\u00f3n - Iniciatives Solid\u00e0ries\" \/>\n<meta property=\"og:description\" content=\"Iniciatives Solid\u00e0ries es una ONG de acci\u00f3n social que est\u00e1 al servicio de quien m\u00e1s lo necesita y tiene como misi\u00f3n fomentar la autonom\u00eda de las personas que viven en riesgo de exclusi\u00f3n social. La atenci\u00f3n personalizada que ofrecemos y la metodolog\u00eda de trabajo que utilizamos contribuyen a empoderar a las personas atendidas con el&hellip;&nbsp;Leer m\u00e1s &raquo;Presentaci\u00f3n\" \/>\n<meta property=\"og:url\" content=\"https:\/\/www.iniciatives.org\/es\/qui-som\/\" \/>\n<meta property=\"og:site_name\" content=\"Iniciatives Solid\u00e0ries\" \/>\n<meta property=\"article:modified_time\" content=\"2025-06-25T16:24:39+00:00\" \/>\n<meta property=\"og:image\" content=\"https:\/\/www.iniciatives.org\/wp-content\/uploads\/2014\/12\/Quisomdefdef.jpg\" \/>\n\t<meta property=\"og:image:width\" content=\"1366\" \/>\n\t<meta property=\"og:image:height\" content=\"519\" \/>\n\t<meta property=\"og:image:type\" content=\"image\/jpeg\" \/>\n<meta name=\"twitter:card\" content=\"summary_large_image\" \/>\n<meta name=\"twitter:label1\" content=\"Tiempo de lectura\" \/>\n\t<meta name=\"twitter:data1\" content=\"3 minutos\" \/>\n<script type=\"application\/ld+json\" class=\"yoast-schema-graph\">{\"@context\":\"https:\/\/schema.org\",\"@graph\":[{\"@type\":\"WebPage\",\"@id\":\"https:\/\/www.iniciatives.org\/es\/qui-som\/\",\"url\":\"https:\/\/www.iniciatives.org\/es\/qui-som\/\",\"name\":\"Presentaci\u00f3n - Iniciatives Solid\u00e0ries\",\"isPartOf\":{\"@id\":\"https:\/\/www.iniciatives.org\/#website\"},\"primaryImageOfPage\":{\"@id\":\"https:\/\/www.iniciatives.org\/es\/qui-som\/#primaryimage\"},\"image\":{\"@id\":\"https:\/\/www.iniciatives.org\/es\/qui-som\/#primaryimage\"},\"thumbnailUrl\":\"https:\/\/www.iniciatives.org\/wp-content\/uploads\/2014\/12\/Quisomdefdef.jpg\",\"datePublished\":\"2014-12-16T01:33:12+00:00\",\"dateModified\":\"2025-06-25T16:24:39+00:00\",\"breadcrumb\":{\"@id\":\"https:\/\/www.iniciatives.org\/es\/qui-som\/#breadcrumb\"},\"inLanguage\":\"es\",\"potentialAction\":[{\"@type\":\"ReadAction\",\"target\":[\"https:\/\/www.iniciatives.org\/es\/qui-som\/\"]}]},{\"@type\":\"ImageObject\",\"inLanguage\":\"es\",\"@id\":\"https:\/\/www.iniciatives.org\/es\/qui-som\/#primaryimage\",\"url\":\"https:\/\/www.iniciatives.org\/wp-content\/uploads\/2014\/12\/Quisomdefdef.jpg\",\"contentUrl\":\"https:\/\/www.iniciatives.org\/wp-content\/uploads\/2014\/12\/Quisomdefdef.jpg\",\"width\":1366,\"height\":519,\"caption\":\"Qui som. Grup de nois i noies esperant a ser servits al menjador del centre d'acollida de Santa Perp\u00e8tua de Mogoda.\"},{\"@type\":\"BreadcrumbList\",\"@id\":\"https:\/\/www.iniciatives.org\/es\/qui-som\/#breadcrumb\",\"itemListElement\":[{\"@type\":\"ListItem\",\"position\":1,\"name\":\"Inici\",\"item\":\"https:\/\/www.iniciatives.org\/es\/\"},{\"@type\":\"ListItem\",\"position\":2,\"name\":\"Presentaci\u00f3n\"}]},{\"@type\":\"WebSite\",\"@id\":\"https:\/\/www.iniciatives.org\/#website\",\"url\":\"https:\/\/www.iniciatives.org\/\",\"name\":\"Iniciatives Solid\u00e0ries\",\"description\":\"Iniciatives Solid\u00e0ries \u00e9s una ONG d\u2019acci\u00f3 social, acolliment i inserci\u00f3 social\",\"potentialAction\":[{\"@type\":\"SearchAction\",\"target\":{\"@type\":\"EntryPoint\",\"urlTemplate\":\"https:\/\/www.iniciatives.org\/?s={search_term_string}\"},\"query-input\":{\"@type\":\"PropertyValueSpecification\",\"valueRequired\":true,\"valueName\":\"search_term_string\"}}],\"inLanguage\":\"es\"}]}<\/script>\n<!-- \/ Yoast SEO plugin. -->","yoast_head_json":{"title":"Presentaci\u00f3n - Iniciatives Solid\u00e0ries","robots":{"index":"index","follow":"follow","max-snippet":"max-snippet:-1","max-image-preview":"max-image-preview:large","max-video-preview":"max-video-preview:-1"},"canonical":"https:\/\/www.iniciatives.org\/es\/qui-som\/","og_locale":"es_ES","og_type":"article","og_title":"Presentaci\u00f3n - Iniciatives Solid\u00e0ries","og_description":"Iniciatives Solid\u00e0ries es una ONG de acci\u00f3n social que est\u00e1 al servicio de quien m\u00e1s lo necesita y tiene como misi\u00f3n fomentar la autonom\u00eda de las personas que viven en riesgo de exclusi\u00f3n social. La atenci\u00f3n personalizada que ofrecemos y la metodolog\u00eda de trabajo que utilizamos contribuyen a empoderar a las personas atendidas con el&hellip;&nbsp;Leer m\u00e1s &raquo;Presentaci\u00f3n","og_url":"https:\/\/www.iniciatives.org\/es\/qui-som\/","og_site_name":"Iniciatives Solid\u00e0ries","article_modified_time":"2025-06-25T16:24:39+00:00","og_image":[{"width":1366,"height":519,"url":"https:\/\/www.iniciatives.org\/wp-content\/uploads\/2014\/12\/Quisomdefdef.jpg","type":"image\/jpeg"}],"twitter_card":"summary_large_image","twitter_misc":{"Tiempo de lectura":"3 minutos"},"schema":{"@context":"https:\/\/schema.org","@graph":[{"@type":"WebPage","@id":"https:\/\/www.iniciatives.org\/es\/qui-som\/","url":"https:\/\/www.iniciatives.org\/es\/qui-som\/","name":"Presentaci\u00f3n - Iniciatives Solid\u00e0ries","isPartOf":{"@id":"https:\/\/www.iniciatives.org\/#website"},"primaryImageOfPage":{"@id":"https:\/\/www.iniciatives.org\/es\/qui-som\/#primaryimage"},"image":{"@id":"https:\/\/www.iniciatives.org\/es\/qui-som\/#primaryimage"},"thumbnailUrl":"https:\/\/www.iniciatives.org\/wp-content\/uploads\/2014\/12\/Quisomdefdef.jpg","datePublished":"2014-12-16T01:33:12+00:00","dateModified":"2025-06-25T16:24:39+00:00","breadcrumb":{"@id":"https:\/\/www.iniciatives.org\/es\/qui-som\/#breadcrumb"},"inLanguage":"es","potentialAction":[{"@type":"ReadAction","target":["https:\/\/www.iniciatives.org\/es\/qui-som\/"]}]},{"@type":"ImageObject","inLanguage":"es","@id":"https:\/\/www.iniciatives.org\/es\/qui-som\/#primaryimage","url":"https:\/\/www.iniciatives.org\/wp-content\/uploads\/2014\/12\/Quisomdefdef.jpg","contentUrl":"https:\/\/www.iniciatives.org\/wp-content\/uploads\/2014\/12\/Quisomdefdef.jpg","width":1366,"height":519,"caption":"Qui som. Grup de nois i noies esperant a ser servits al menjador del centre d'acollida de Santa Perp\u00e8tua de Mogoda."},{"@type":"BreadcrumbList","@id":"https:\/\/www.iniciatives.org\/es\/qui-som\/#breadcrumb","itemListElement":[{"@type":"ListItem","position":1,"name":"Inici","item":"https:\/\/www.iniciatives.org\/es\/"},{"@type":"ListItem","position":2,"name":"Presentaci\u00f3n"}]},{"@type":"WebSite","@id":"https:\/\/www.iniciatives.org\/#website","url":"https:\/\/www.iniciatives.org\/","name":"Iniciatives Solid\u00e0ries","description":"Iniciatives Solid\u00e0ries \u00e9s una ONG d\u2019acci\u00f3 social, acolliment i inserci\u00f3 social","potentialAction":[{"@type":"SearchAction","target":{"@type":"EntryPoint","urlTemplate":"https:\/\/www.iniciatives.org\/?s={search_term_string}"},"query-input":{"@type":"PropertyValueSpecification","valueRequired":true,"valueName":"search_term_string"}}],"inLanguage":"es"}]}},"_links":{"self":[{"href":"https:\/\/www.iniciatives.org\/es\/wp-json\/wp\/v2\/pages\/2386","targetHints":{"allow":["GET"]}}],"collection":[{"href":"https:\/\/www.iniciatives.org\/es\/wp-json\/wp\/v2\/pages"}],"about":[{"href":"https:\/\/www.iniciatives.org\/es\/wp-json\/wp\/v2\/types\/page"}],"author":[{"embeddable":true,"href":"https:\/\/www.iniciatives.org\/es\/wp-json\/wp\/v2\/users\/3"}],"replies":[{"embeddable":true,"href":"https:\/\/www.iniciatives.org\/es\/wp-json\/wp\/v2\/comments?post=2386"}],"version-history":[{"count":8,"href":"https:\/\/www.iniciatives.org\/es\/wp-json\/wp\/v2\/pages\/2386\/revisions"}],"predecessor-version":[{"id":5609,"href":"https:\/\/www.iniciatives.org\/es\/wp-json\/wp\/v2\/pages\/2386\/revisions\/5609"}],"wp:featuredmedia":[{"embeddable":true,"href":"https:\/\/www.iniciatives.org\/es\/wp-json\/wp\/v2\/media\/2388"}],"wp:attachment":[{"href":"https:\/\/www.iniciatives.org\/es\/wp-json\/wp\/v2\/media?parent=2386"}],"curies":[{"name":"wp","href":"https:\/\/api.w.org\/{rel}","templated":true}]}}