

{"id":2425,"date":"2014-12-16T03:45:18","date_gmt":"2014-12-16T03:45:18","guid":{"rendered":"https:\/\/www.iniciatives.org\/test\/NEW\/col%c2%b7laboradors\/"},"modified":"2025-07-04T10:50:42","modified_gmt":"2025-07-04T08:50:42","slug":"col%c2%b7laboradors","status":"publish","type":"page","link":"https:\/\/www.iniciatives.org\/es\/col%c2%b7laboradors\/","title":{"rendered":"Colaboradores"},"content":{"rendered":"\n<div class=\"wp-block-cover alignfull is-light\" style=\"min-height:550px;aspect-ratio:unset;aspect-ratio:unset;\"><img loading=\"lazy\" decoding=\"async\" width=\"1230\" height=\"550\" class=\"wp-block-cover__image-background wp-image-818\" alt=\"Dos nois carregant i descarregant material de neteja de la furgoneta d'Iniciatives Solid\u00e0ries.\" src=\"https:\/\/www.iniciatives.org\/wp-content\/uploads\/2014\/12\/BannerCollaboradorsWeb.jpg\" data-object-fit=\"cover\" srcset=\"https:\/\/www.iniciatives.org\/wp-content\/uploads\/2014\/12\/BannerCollaboradorsWeb.jpg 1230w, https:\/\/www.iniciatives.org\/wp-content\/uploads\/2014\/12\/BannerCollaboradorsWeb-800x358.jpg 800w, https:\/\/www.iniciatives.org\/wp-content\/uploads\/2014\/12\/BannerCollaboradorsWeb-768x343.jpg 768w, https:\/\/www.iniciatives.org\/wp-content\/uploads\/2014\/12\/BannerCollaboradorsWeb-1200x537.jpg 1200w\" sizes=\"auto, (max-width: 1230px) 100vw, 1230px\" \/><span aria-hidden=\"true\" class=\"wp-block-cover__background has-background-dim-0 has-background-dim\" style=\"background-color:#868078\"><\/span><div class=\"wp-block-cover__inner-container is-layout-constrained wp-block-cover-is-layout-constrained\">\n<p class=\"has-text-align-center has-nv-text-dark-bg-color has-text-color has-link-color wp-elements-aec01666bbbc9876c4d7680abcdcf5ec\" style=\"font-size:50px;font-style:normal;font-weight:900\">Colaboradores<\/p>\n<\/div><\/div>\n\n\n\n<p>El proyecto de Iniciatives Solid\u00e0ries es posible gracias a la colaboraci\u00f3n de todos vosotros. Gracias!<\/p>\n\n\n\n<figure class=\"wp-block-gallery has-nested-images columns-default llistat-logos wp-block-gallery-1 is-layout-flex wp-block-gallery-is-layout-flex\">\n<figure class=\"wp-block-image size-full\"><a href=\"https:\/\/commission.europa.eu\/index_es\" target=\"_blank\" rel=\"noreferrer noopener\"><img loading=\"lazy\" decoding=\"async\" width=\"372\" height=\"113\" data-id=\"4949\" src=\"https:\/\/www.iniciatives.org\/wp-content\/uploads\/2024\/07\/image.png\" alt=\"\" class=\"wp-image-4949\" srcset=\"https:\/\/www.iniciatives.org\/wp-content\/uploads\/2024\/07\/image.png 372w, https:\/\/www.iniciatives.org\/wp-content\/uploads\/2024\/07\/image-300x91.png 300w\" sizes=\"auto, (max-width: 372px) 100vw, 372px\" \/><\/a><\/figure>\n\n\n\n<figure class=\"wp-block-image size-full\"><a href=\"https:\/\/www.staperpetua.cat\/\" target=\"_blank\" rel=\"noreferrer noopener\"><img loading=\"lazy\" decoding=\"async\" width=\"285\" height=\"141\" data-id=\"4951\" src=\"https:\/\/www.iniciatives.org\/wp-content\/uploads\/2024\/07\/image-1.png\" alt=\"\" class=\"wp-image-4951\"\/><\/a><\/figure>\n\n\n\n<figure class=\"wp-block-image size-full\"><a href=\"https:\/\/fundacionlacaixa.org\/es\/pobreza-infantil\" target=\"_blank\" rel=\"noreferrer noopener\"><img loading=\"lazy\" decoding=\"async\" width=\"911\" height=\"232\" data-id=\"5633\" src=\"https:\/\/www.iniciatives.org\/wp-content\/uploads\/2025\/07\/Logo_CaixaProinfancia_Cat.png\" alt=\"\" class=\"wp-image-5633\" srcset=\"https:\/\/www.iniciatives.org\/wp-content\/uploads\/2025\/07\/Logo_CaixaProinfancia_Cat.png 911w, https:\/\/www.iniciatives.org\/wp-content\/uploads\/2025\/07\/Logo_CaixaProinfancia_Cat-800x204.png 800w, https:\/\/www.iniciatives.org\/wp-content\/uploads\/2025\/07\/Logo_CaixaProinfancia_Cat-768x196.png 768w\" sizes=\"auto, (max-width: 911px) 100vw, 911px\" \/><\/a><\/figure>\n\n\n\n<figure class=\"wp-block-image size-full is-style-default\"><a href=\"https:\/\/www.mdsocialesa2030.gob.es\/index.htm\" target=\"_blank\" rel=\"noreferrer noopener\"><img loading=\"lazy\" decoding=\"async\" width=\"402\" height=\"127\" data-id=\"4959\" src=\"https:\/\/www.iniciatives.org\/wp-content\/uploads\/2024\/07\/image-4.png\" alt=\"\" class=\"wp-image-4959\" srcset=\"https:\/\/www.iniciatives.org\/wp-content\/uploads\/2024\/07\/image-4.png 402w, https:\/\/www.iniciatives.org\/wp-content\/uploads\/2024\/07\/image-4-300x95.png 300w\" sizes=\"auto, (max-width: 402px) 100vw, 402px\" \/><\/a><\/figure>\n\n\n\n<figure class=\"wp-block-image size-full\"><a href=\"https:\/\/www.rubi.cat\/\" target=\"_blank\" rel=\"noreferrer noopener\"><img loading=\"lazy\" decoding=\"async\" width=\"591\" height=\"170\" data-id=\"4976\" src=\"https:\/\/www.iniciatives.org\/wp-content\/uploads\/2024\/07\/image-11.png\" alt=\"\" class=\"wp-image-4976\" srcset=\"https:\/\/www.iniciatives.org\/wp-content\/uploads\/2024\/07\/image-11.png 591w, https:\/\/www.iniciatives.org\/wp-content\/uploads\/2024\/07\/image-11-300x86.png 300w\" sizes=\"auto, (max-width: 591px) 100vw, 591px\" \/><\/a><\/figure>\n\n\n\n<figure class=\"wp-block-image size-full\"><a href=\"https:\/\/www.bancdelsaliments.org\/\" target=\"_blank\" rel=\"noreferrer noopener\"><img loading=\"lazy\" decoding=\"async\" width=\"645\" height=\"173\" data-id=\"4991\" src=\"https:\/\/www.iniciatives.org\/wp-content\/uploads\/2024\/07\/image-18.png\" alt=\"\" class=\"wp-image-4991\" srcset=\"https:\/\/www.iniciatives.org\/wp-content\/uploads\/2024\/07\/image-18.png 645w, https:\/\/www.iniciatives.org\/wp-content\/uploads\/2024\/07\/image-18-300x80.png 300w\" sizes=\"auto, (max-width: 645px) 100vw, 645px\" \/><\/a><\/figure>\n\n\n\n<figure class=\"wp-block-image size-full is-style-rounded\"><a href=\"https:\/\/dretssocials.gencat.cat\/ca\/inici\" target=\"_blank\" rel=\"noreferrer noopener\"><img loading=\"lazy\" decoding=\"async\" width=\"535\" height=\"163\" data-id=\"4963\" src=\"https:\/\/www.iniciatives.org\/wp-content\/uploads\/2024\/07\/image-5.png\" alt=\"\" class=\"wp-image-4963\" srcset=\"https:\/\/www.iniciatives.org\/wp-content\/uploads\/2024\/07\/image-5.png 535w, https:\/\/www.iniciatives.org\/wp-content\/uploads\/2024\/07\/image-5-300x91.png 300w\" sizes=\"auto, (max-width: 535px) 100vw, 535px\" \/><\/a><\/figure>\n\n\n\n<figure class=\"wp-block-image size-full\"><a href=\"https:\/\/www.cerdanyola.cat\/\" target=\"_blank\" rel=\"noreferrer noopener\"><img loading=\"lazy\" decoding=\"async\" width=\"573\" height=\"200\" data-id=\"4978\" src=\"https:\/\/www.iniciatives.org\/wp-content\/uploads\/2024\/07\/image-12.png\" alt=\"\" class=\"wp-image-4978\" srcset=\"https:\/\/www.iniciatives.org\/wp-content\/uploads\/2024\/07\/image-12.png 573w, https:\/\/www.iniciatives.org\/wp-content\/uploads\/2024\/07\/image-12-300x105.png 300w\" sizes=\"auto, (max-width: 573px) 100vw, 573px\" \/><\/a><\/figure>\n\n\n\n<figure class=\"wp-block-image size-full\"><a href=\"https:\/\/lanau.org\/\" target=\"_blank\" rel=\"noreferrer noopener\"><img loading=\"lazy\" decoding=\"async\" width=\"592\" height=\"180\" data-id=\"4993\" src=\"https:\/\/www.iniciatives.org\/wp-content\/uploads\/2024\/07\/image-19.png\" alt=\"\" class=\"wp-image-4993\" srcset=\"https:\/\/www.iniciatives.org\/wp-content\/uploads\/2024\/07\/image-19.png 592w, https:\/\/www.iniciatives.org\/wp-content\/uploads\/2024\/07\/image-19-300x91.png 300w\" sizes=\"auto, (max-width: 592px) 100vw, 592px\" \/><\/a><\/figure>\n\n\n\n<figure class=\"wp-block-image size-full\"><a href=\"https:\/\/igualtat.gencat.cat\/ca\/inici\" target=\"_blank\" rel=\"noreferrer noopener\"><img loading=\"lazy\" decoding=\"async\" width=\"513\" height=\"139\" data-id=\"4965\" src=\"https:\/\/www.iniciatives.org\/wp-content\/uploads\/2024\/07\/image-6.png\" alt=\"\" class=\"wp-image-4965\" srcset=\"https:\/\/www.iniciatives.org\/wp-content\/uploads\/2024\/07\/image-6.png 513w, https:\/\/www.iniciatives.org\/wp-content\/uploads\/2024\/07\/image-6-300x81.png 300w\" sizes=\"auto, (max-width: 513px) 100vw, 513px\" \/><\/a><\/figure>\n\n\n\n<figure class=\"wp-block-image size-full\"><a href=\"https:\/\/www.barcelona.cat\/ca\" target=\"_blank\" rel=\"noreferrer noopener\"><img loading=\"lazy\" decoding=\"async\" width=\"514\" height=\"166\" data-id=\"4980\" src=\"https:\/\/www.iniciatives.org\/wp-content\/uploads\/2024\/07\/image-13.png\" alt=\"\" class=\"wp-image-4980\" srcset=\"https:\/\/www.iniciatives.org\/wp-content\/uploads\/2024\/07\/image-13.png 514w, https:\/\/www.iniciatives.org\/wp-content\/uploads\/2024\/07\/image-13-300x97.png 300w\" sizes=\"auto, (max-width: 514px) 100vw, 514px\" \/><\/a><\/figure>\n\n\n\n<figure class=\"wp-block-image size-full\"><a href=\"https:\/\/www.zingprogramme.com\/\" target=\"_blank\" rel=\"noreferrer noopener\"><img loading=\"lazy\" decoding=\"async\" width=\"432\" height=\"186\" data-id=\"4995\" src=\"https:\/\/www.iniciatives.org\/wp-content\/uploads\/2024\/07\/image-20.png\" alt=\"\" class=\"wp-image-4995\" srcset=\"https:\/\/www.iniciatives.org\/wp-content\/uploads\/2024\/07\/image-20.png 432w, https:\/\/www.iniciatives.org\/wp-content\/uploads\/2024\/07\/image-20-300x129.png 300w\" sizes=\"auto, (max-width: 432px) 100vw, 432px\" \/><\/a><\/figure>\n\n\n\n<figure class=\"wp-block-image size-full\"><a href=\"https:\/\/empresa.gencat.cat\/ca\/inici\" target=\"_blank\" rel=\"noreferrer noopener\"><img loading=\"lazy\" decoding=\"async\" width=\"506\" height=\"143\" data-id=\"4967\" src=\"https:\/\/www.iniciatives.org\/wp-content\/uploads\/2024\/07\/image-7.png\" alt=\"\" class=\"wp-image-4967\" srcset=\"https:\/\/www.iniciatives.org\/wp-content\/uploads\/2024\/07\/image-7.png 506w, https:\/\/www.iniciatives.org\/wp-content\/uploads\/2024\/07\/image-7-300x85.png 300w\" sizes=\"auto, (max-width: 506px) 100vw, 506px\" \/><\/a><\/figure>\n\n\n\n<figure class=\"wp-block-image size-full\"><a href=\"https:\/\/www.cssbcn.cat\/index.php\/ca\/\" target=\"_blank\" rel=\"noreferrer noopener\"><img loading=\"lazy\" decoding=\"async\" width=\"490\" height=\"158\" data-id=\"4983\" src=\"https:\/\/www.iniciatives.org\/wp-content\/uploads\/2024\/07\/image-14.png\" alt=\"\" class=\"wp-image-4983\" srcset=\"https:\/\/www.iniciatives.org\/wp-content\/uploads\/2024\/07\/image-14.png 490w, https:\/\/www.iniciatives.org\/wp-content\/uploads\/2024\/07\/image-14-300x97.png 300w\" sizes=\"auto, (max-width: 490px) 100vw, 490px\" \/><\/a><\/figure>\n\n\n\n<figure class=\"wp-block-image size-full\"><a href=\"https:\/\/coop57.coop\/\" target=\"_blank\" rel=\"noreferrer noopener\"><img loading=\"lazy\" decoding=\"async\" width=\"435\" height=\"197\" data-id=\"4997\" src=\"https:\/\/www.iniciatives.org\/wp-content\/uploads\/2024\/07\/image-21.png\" alt=\"\" class=\"wp-image-4997\" srcset=\"https:\/\/www.iniciatives.org\/wp-content\/uploads\/2024\/07\/image-21.png 435w, https:\/\/www.iniciatives.org\/wp-content\/uploads\/2024\/07\/image-21-300x136.png 300w\" sizes=\"auto, (max-width: 435px) 100vw, 435px\" \/><\/a><\/figure>\n\n\n\n<figure class=\"wp-block-image size-full\"><a href=\"https:\/\/dretssocials.gencat.cat\/ca\/el_departament\/funcions_i_estructura\/estructura\/secretaria_infancia_adolescencia_joventut\/\" target=\"_blank\" rel=\"noreferrer noopener\"><img loading=\"lazy\" decoding=\"async\" width=\"519\" height=\"132\" data-id=\"4969\" src=\"https:\/\/www.iniciatives.org\/wp-content\/uploads\/2024\/07\/image-8.png\" alt=\"\" class=\"wp-image-4969\" srcset=\"https:\/\/www.iniciatives.org\/wp-content\/uploads\/2024\/07\/image-8.png 519w, https:\/\/www.iniciatives.org\/wp-content\/uploads\/2024\/07\/image-8-300x76.png 300w\" sizes=\"auto, (max-width: 519px) 100vw, 519px\" \/><\/a><\/figure>\n\n\n\n<figure class=\"wp-block-image size-full\"><a href=\"https:\/\/acciosocial.org\/\" target=\"_blank\" rel=\"noreferrer noopener\"><img loading=\"lazy\" decoding=\"async\" width=\"492\" height=\"159\" data-id=\"4985\" src=\"https:\/\/www.iniciatives.org\/wp-content\/uploads\/2024\/07\/image-15.png\" alt=\"\" class=\"wp-image-4985\" srcset=\"https:\/\/www.iniciatives.org\/wp-content\/uploads\/2024\/07\/image-15.png 492w, https:\/\/www.iniciatives.org\/wp-content\/uploads\/2024\/07\/image-15-300x97.png 300w\" sizes=\"auto, (max-width: 492px) 100vw, 492px\" \/><\/a><\/figure>\n\n\n\n<figure class=\"wp-block-image size-full\"><a href=\"https:\/\/fundacionlacaixa.org\/es\/home\" target=\"_blank\" rel=\"noreferrer noopener\"><img loading=\"lazy\" decoding=\"async\" width=\"726\" height=\"134\" data-id=\"4999\" src=\"https:\/\/www.iniciatives.org\/wp-content\/uploads\/2024\/07\/image-22.png\" alt=\"\" class=\"wp-image-4999\" srcset=\"https:\/\/www.iniciatives.org\/wp-content\/uploads\/2024\/07\/image-22.png 726w, https:\/\/www.iniciatives.org\/wp-content\/uploads\/2024\/07\/image-22-300x55.png 300w\" sizes=\"auto, (max-width: 726px) 100vw, 726px\" \/><\/a><\/figure>\n\n\n\n<figure class=\"wp-block-image size-full\"><a href=\"https:\/\/www.diba.cat\/es\/\" target=\"_blank\" rel=\"noreferrer noopener\"><img loading=\"lazy\" decoding=\"async\" width=\"383\" height=\"162\" data-id=\"4971\" src=\"https:\/\/www.iniciatives.org\/wp-content\/uploads\/2024\/07\/image-9.png\" alt=\"\" class=\"wp-image-4971\" srcset=\"https:\/\/www.iniciatives.org\/wp-content\/uploads\/2024\/07\/image-9.png 383w, https:\/\/www.iniciatives.org\/wp-content\/uploads\/2024\/07\/image-9-300x127.png 300w\" sizes=\"auto, (max-width: 383px) 100vw, 383px\" \/><\/a><\/figure>\n\n\n\n<figure class=\"wp-block-image size-full\"><a href=\"https:\/\/www.fepa18.org\/es\/\" target=\"_blank\" rel=\"noreferrer noopener\"><img loading=\"lazy\" decoding=\"async\" width=\"481\" height=\"179\" data-id=\"4987\" src=\"https:\/\/www.iniciatives.org\/wp-content\/uploads\/2024\/07\/image-16.png\" alt=\"\" class=\"wp-image-4987\" srcset=\"https:\/\/www.iniciatives.org\/wp-content\/uploads\/2024\/07\/image-16.png 481w, https:\/\/www.iniciatives.org\/wp-content\/uploads\/2024\/07\/image-16-300x112.png 300w\" sizes=\"auto, (max-width: 481px) 100vw, 481px\" \/><\/a><\/figure>\n\n\n\n<figure class=\"wp-block-image size-full\"><a href=\"https:\/\/www.casaldelsinfants.org\/es\/\" target=\"_blank\" rel=\"noreferrer noopener\"><img loading=\"lazy\" decoding=\"async\" width=\"469\" height=\"182\" data-id=\"5001\" src=\"https:\/\/www.iniciatives.org\/wp-content\/uploads\/2024\/07\/image-23.png\" alt=\"\" class=\"wp-image-5001\" srcset=\"https:\/\/www.iniciatives.org\/wp-content\/uploads\/2024\/07\/image-23.png 469w, https:\/\/www.iniciatives.org\/wp-content\/uploads\/2024\/07\/image-23-300x116.png 300w\" sizes=\"auto, (max-width: 469px) 100vw, 469px\" \/><\/a><\/figure>\n\n\n\n<figure class=\"wp-block-image size-full\"><a href=\"https:\/\/www.santboi.cat\/\" target=\"_blank\" rel=\"noreferrer noopener\"><img loading=\"lazy\" decoding=\"async\" width=\"511\" height=\"185\" data-id=\"4973\" src=\"https:\/\/www.iniciatives.org\/wp-content\/uploads\/2024\/07\/image-10.png\" alt=\"\" class=\"wp-image-4973\" srcset=\"https:\/\/www.iniciatives.org\/wp-content\/uploads\/2024\/07\/image-10.png 511w, https:\/\/www.iniciatives.org\/wp-content\/uploads\/2024\/07\/image-10-300x109.png 300w\" sizes=\"auto, (max-width: 511px) 100vw, 511px\" \/><\/a><\/figure>\n\n\n\n<figure class=\"wp-block-image size-full\"><a href=\"https:\/\/fedaia.org\/\" target=\"_blank\" rel=\"noreferrer noopener\"><img loading=\"lazy\" decoding=\"async\" width=\"553\" height=\"160\" data-id=\"4989\" src=\"https:\/\/www.iniciatives.org\/wp-content\/uploads\/2024\/07\/image-17.png\" alt=\"\" class=\"wp-image-4989\" srcset=\"https:\/\/www.iniciatives.org\/wp-content\/uploads\/2024\/07\/image-17.png 553w, https:\/\/www.iniciatives.org\/wp-content\/uploads\/2024\/07\/image-17-300x87.png 300w\" sizes=\"auto, (max-width: 553px) 100vw, 553px\" \/><\/a><\/figure>\n\n\n\n<figure class=\"wp-block-image size-full\"><a href=\"https:\/\/www.fundacionputxet.org\/\" target=\"_blank\" rel=\"noreferrer noopener\"><img loading=\"lazy\" decoding=\"async\" width=\"600\" height=\"162\" data-id=\"5003\" src=\"https:\/\/www.iniciatives.org\/wp-content\/uploads\/2024\/07\/image-24.png\" alt=\"\" class=\"wp-image-5003\" srcset=\"https:\/\/www.iniciatives.org\/wp-content\/uploads\/2024\/07\/image-24.png 600w, https:\/\/www.iniciatives.org\/wp-content\/uploads\/2024\/07\/image-24-300x81.png 300w\" sizes=\"auto, (max-width: 600px) 100vw, 600px\" \/><\/a><\/figure>\n<\/figure>\n\n\n\n<div class=\"wp-block-columns is-layout-flex wp-container-core-columns-is-layout-9d6595d7 wp-block-columns-is-layout-flex\">\n<div class=\"wp-block-column is-layout-flow wp-block-column-is-layout-flow\">\n<h3 class=\"wp-block-heading\">ADMINISTRACIONES<\/h3>\n\n\n\n<p><a href=\"http:\/\/www.bcn.cat\/\" target=\"_blank\" rel=\"noreferrer noopener\">Ajuntament de Barcelona<\/a><\/p>\n\n\n\n<p><a href=\"http:\/\/www.santboi.cat\/\" target=\"_blank\" rel=\"noreferrer noopener\">Ajuntament de Sant Boi<\/a><\/p>\n\n\n\n<p><a href=\"http:\/\/www.staperpetua.cat\/\" target=\"_blank\" rel=\"noreferrer noopener\">Ajuntament de Santa Perp\u00e8tua de Mogoda<\/a><\/p>\n\n\n\n<p><a href=\"http:\/\/www.madrid.org\/\" target=\"_blank\" rel=\"noreferrer noopener\">Comunidad de Madrid<\/a><\/p>\n\n\n\n<p><a href=\"http:\/\/www.cssbcn.cat\/index.html\" target=\"_blank\" rel=\"noreferrer noopener\">Consorci de Serveis Socials de Barcelona<\/a><\/p>\n\n\n\n<p><a href=\"http:\/\/www20.gencat.cat\/portal\/site\/empresaiocupacio\/\" target=\"_blank\" rel=\"noreferrer noopener\">Departament d\u2019Empresa i Ocupaci\u00f3 &#8211; Generalitat de Catalunya<\/a><\/p>\n\n\n\n<p><a href=\"http:\/\/www20.gencat.cat\/portal\/site\/governacio\/menuitem.7ee1418f29289a8e8e629e30b0c0e1a0\/?vgnextoid=7d75696a526d6110VgnVCM1000000b0c1e0aRCRD&amp;vgnextchannel=7d75696a526d6110VgnVCM1000000b0c1e0aRCRD&amp;vgnextfmt=default\" target=\"_blank\" rel=\"noreferrer noopener\">Departament de Governaci\u00f3 i Relacions Institucionals&nbsp;&#8211; Generalitat de Catalunya<\/a><\/p>\n\n\n\n<p><a href=\"http:\/\/www20.gencat.cat\/portal\/site\/Justicia\" target=\"_blank\" rel=\"noreferrer noopener\">Departament de Just\u00edcia &#8211; Generalitat de Catalunya<\/a><\/p>\n\n\n\n<p><a href=\"http:\/\/www.diba.es\/web\/guest\/inici\" target=\"_blank\" rel=\"noreferrer noopener\">Diputaci\u00f3 de Barcelona &#8211; Xarxa de municipis<\/a><\/p>\n\n\n\n<p><a href=\"http:\/\/benestar.gencat.cat\/ca\/ambits_tematics\/infancia_i_adolescencia\/proteccio_a_la_infancia_i_ladolescencia\/el_sistema_catala_de_proteccio_a_la_infancia_i_ladolescencia\/direccio_general_datencio_a_la_infancia_i_ladolescencia_dgaia\/\" target=\"_blank\" rel=\"noreferrer noopener\">Direcci\u00f3 General d\u2019Atenci\u00f3 a la Inf\u00e0ncia i Adolesc\u00e8ncia &#8211; Generalitat de Catalunya<\/a><\/p>\n\n\n\n<p><a href=\"http:\/\/benestar.gencat.cat\/ca\/el_departament\/funcions_i_estructura\/organismes\/direccio_general_per_a_la_immigracio\" target=\"_blank\" rel=\"noreferrer noopener\">Direcci\u00f3 General per a la Immigraci\u00f3 &#8211; Generalitat de Catalunya<\/a><\/p>\n\n\n\n<p><a href=\"http:\/\/ec.europa.eu\/employment_social\/esf\/index_es.htm\" target=\"_blank\" rel=\"noreferrer noopener\">Fons Social Europeu &#8211; Uni\u00f3 Europea<\/a><\/p>\n\n\n\n<p><a href=\"http:\/\/www10.gencat.cat\/sac\/AppJava\/organisme_fitxa.jsp?codi=5921\" target=\"_blank\" rel=\"noreferrer noopener\">Institut Catal\u00e0 d\u2019Assist\u00e8ncia i Serveis Socials &#8211; Generalitat de Catalunya<\/a><\/p>\n\n\n\n<p><a href=\"http:\/\/www20.gencat.cat\/portal\/site\/icdones\" target=\"_blank\" rel=\"noreferrer noopener\">Institut Catal\u00e0 de les Dones &#8211; Generalitat de Catalunya<\/a><\/p>\n\n\n\n<p><a href=\"http:\/\/www.mtin.es\/\" target=\"_blank\" rel=\"noreferrer noopener\">Ministeri d\u2019Ocupaci\u00f3 i Seguretat Social &#8211; Govern d\u2019Espanya<\/a><\/p>\n\n\n\n<p><a href=\"http:\/\/w110.bcn.cat\/portal\/site\/ServeisSocials\/menuitem.931633495bcd6167b4f7b4f7a2ef8a0c\/?vgnextoid=c51d96b0aa819410VgnVCM1000001947900aRCRD&amp;vgnextchannel=c51d96b0aa819410VgnVCM1000001947900aRCRD&amp;lang=ca_ES\" target=\"_blank\" rel=\"noreferrer noopener\">Programa L\u00e0bora &#8211; Ajuntament de Barcelona<\/a><\/p>\n\n\n\n<p><a href=\"http:\/\/sac.gencat.cat\/sacgencat\/AppJava\/organisme_fitxa.jsp?codi=10859\" target=\"_blank\" rel=\"noreferrer noopener\">Secretaria de Fam\u00edlia &#8211; Generalitat de Catalunya<\/a><\/p>\n\n\n\n<p><a href=\"https:\/\/www.oficinadetreball.gencat.cat\/socweb\/opencms\/socweb_ca\/home.html\" target=\"_blank\" rel=\"noreferrer noopener\">Servei d\u2019Ocupaci\u00f3 de Catalunya<\/a><\/p>\n<\/div>\n\n\n\n<div class=\"wp-block-column is-layout-flow wp-block-column-is-layout-flow\">\n<h3 class=\"wp-block-heading\">ENTIDADES<\/h3>\n\n\n\n<p><a href=\"http:\/\/www.andromines.net\/\" target=\"_blank\" rel=\"noreferrer noopener\">Associaci\u00f3 Andr\u00f2mines<\/a><\/p>\n\n\n\n<p><a href=\"http:\/\/obrasocial.lacaixa.es\/ambitos\/caixaproinfancia\/caixaproinfancia_ca.html\" target=\"_blank\" rel=\"noreferrer noopener\">Caixa Proinf\u00e0ncia<\/a><\/p>\n\n\n\n<p><a href=\"http:\/\/www.caprabo.es\/web\/es\/index.html\" target=\"_blank\" rel=\"noreferrer noopener\">Caprabo<\/a><\/p>\n\n\n\n<p><a href=\"http:\/\/www.caritasbcn.org\/ca\/\" target=\"_blank\" rel=\"noreferrer noopener\">C\u00e1ritas<\/a><\/p>\n\n\n\n<p><a href=\"http:\/\/www.casaldelsinfants.org\/index.php\/cat\/\" target=\"_blank\" rel=\"noreferrer noopener\">Casal dels Infants<\/a><\/p>\n\n\n\n<p><a href=\"http:\/\/acciosocial.org\/\" target=\"_blank\" rel=\"noreferrer noopener\">ECAS &#8211; Entitats Catalanes d&#8217;Acci\u00f3 Social<\/a><\/p>\n\n\n\n<p><a href=\"http:\/\/www.coop57.coop\/index.php?lang=ca_es\" target=\"_blank\" rel=\"noreferrer noopener\">Coop 57<\/a><\/p>\n\n\n\n<p><a href=\"http:\/\/www.coty.com\/\" target=\"_blank\" rel=\"noreferrer noopener\">Coty<\/a><\/p>\n\n\n\n<p><a href=\"http:\/\/www.curves.es\/\" target=\"_blank\" rel=\"noreferrer noopener\">Curves<\/a><\/p>\n\n\n\n<p><a href=\"http:\/\/www.bancdelsaliments.org\/ca\/\" target=\"_blank\" rel=\"noreferrer noopener\">Fundaci\u00f3 Banc dels Aliments de Barcelona<\/a><\/p>\n\n\n\n<p><a href=\"http:\/\/www.educo.org\/\" target=\"_blank\" rel=\"noreferrer noopener\">Educo &#8211; Intervida<\/a><\/p>\n\n\n\n<p><a href=\"http:\/\/obrasocial.lacaixa.es\/\" target=\"_blank\" rel=\"noreferrer noopener\">Fundaci\u00f3 La Caixa<\/a><\/p>\n\n\n\n<p><a href=\"https:\/\/www.nouscims.com\/ca\/\">Fundaci\u00f3 Nous Cims<\/a><\/p>\n\n\n\n<p><a href=\"http:\/\/www.lacaixa.es\/\" target=\"_blank\" rel=\"noreferrer noopener\">La Caixa<\/a><\/p>\n\n\n\n<p><a href=\"https:\/\/www.bancsabadell.com\/cs\/Satellite\/SabAtl\/?ORIGIN=CP\" target=\"_blank\" rel=\"noreferrer noopener\">Banc Sabadell<\/a><\/p>\n\n\n\n<p><a href=\"http:\/\/www.catalunyacaixa.com\/Portal\" target=\"_blank\" rel=\"noreferrer noopener\">Catalunya Caixa<\/a><\/p>\n\n\n\n<p><a href=\"http:\/\/www.pg.com\/en_US\/index.shtml\" target=\"_blank\" rel=\"noreferrer noopener\">Procter &amp; Gamble<\/a><\/p>\n\n\n\n<p><a href=\"http:\/\/www.ikea.com\/es\/es\/\" target=\"_blank\" rel=\"noreferrer noopener\">Ikea<\/a><\/p>\n<\/div>\n<\/div>\n","protected":false},"excerpt":{"rendered":"<p>El proyecto de Iniciatives Solid\u00e0ries es posible gracias a la colaboraci\u00f3n de todos vosotros. Gracias! ADMINISTRACIONES Ajuntament de Barcelona Ajuntament de Sant Boi Ajuntament de Santa Perp\u00e8tua de Mogoda Comunidad de Madrid Consorci de Serveis Socials de Barcelona Departament d\u2019Empresa i Ocupaci\u00f3 &#8211; Generalitat de Catalunya Departament de Governaci\u00f3 i Relacions Institucionals&nbsp;&#8211; Generalitat de Catalunya&hellip;&nbsp;<a href=\"https:\/\/www.iniciatives.org\/es\/col%c2%b7laboradors\/\" rel=\"bookmark\">Leer m\u00e1s &raquo;<span class=\"screen-reader-text\">Colaboradores<\/span><\/a><\/p>\n","protected":false},"author":3,"featured_media":2426,"parent":0,"menu_order":19,"comment_status":"closed","ping_status":"open","template":"","meta":{"_eb_attr":"","neve_meta_sidebar":"","neve_meta_container":"","neve_meta_enable_content_width":"","neve_meta_content_width":0,"neve_meta_title_alignment":"","neve_meta_author_avatar":"","neve_post_elements_order":"","neve_meta_disable_header":"","neve_meta_disable_footer":"","neve_meta_disable_title":"on","footnotes":""},"class_list":["post-2425","page","type-page","status-publish","has-post-thumbnail","hentry"],"yoast_head":"<!-- This site is optimized with the Yoast SEO plugin v25.4 - https:\/\/yoast.com\/wordpress\/plugins\/seo\/ -->\n<title>Colaboradores - Iniciatives Solid\u00e0ries<\/title>\n<meta name=\"robots\" content=\"index, follow, max-snippet:-1, max-image-preview:large, max-video-preview:-1\" \/>\n<link rel=\"canonical\" href=\"https:\/\/www.iniciatives.org\/es\/col\u00b7laboradors\/\" \/>\n<meta property=\"og:locale\" content=\"es_ES\" \/>\n<meta property=\"og:type\" content=\"article\" \/>\n<meta property=\"og:title\" content=\"Colaboradores - Iniciatives Solid\u00e0ries\" \/>\n<meta property=\"og:description\" content=\"El proyecto de Iniciatives Solid\u00e0ries es posible gracias a la colaboraci\u00f3n de todos vosotros. Gracias! ADMINISTRACIONES Ajuntament de Barcelona Ajuntament de Sant Boi Ajuntament de Santa Perp\u00e8tua de Mogoda Comunidad de Madrid Consorci de Serveis Socials de Barcelona Departament d\u2019Empresa i Ocupaci\u00f3 &#8211; Generalitat de Catalunya Departament de Governaci\u00f3 i Relacions Institucionals&nbsp;&#8211; Generalitat de Catalunya&hellip;&nbsp;Leer m\u00e1s &raquo;Colaboradores\" \/>\n<meta property=\"og:url\" content=\"https:\/\/www.iniciatives.org\/es\/col\u00b7laboradors\/\" \/>\n<meta property=\"og:site_name\" content=\"Iniciatives Solid\u00e0ries\" \/>\n<meta property=\"article:modified_time\" content=\"2025-07-04T08:50:42+00:00\" \/>\n<meta property=\"og:image\" content=\"https:\/\/www.iniciatives.org\/wp-content\/uploads\/2014\/12\/BannerCollaboradorsWeb.jpg\" \/>\n\t<meta property=\"og:image:width\" content=\"1230\" \/>\n\t<meta property=\"og:image:height\" content=\"550\" \/>\n\t<meta property=\"og:image:type\" content=\"image\/jpeg\" \/>\n<meta name=\"twitter:card\" content=\"summary_large_image\" \/>\n<meta name=\"twitter:label1\" content=\"Tiempo de lectura\" \/>\n\t<meta name=\"twitter:data1\" content=\"7 minutos\" \/>\n<script type=\"application\/ld+json\" class=\"yoast-schema-graph\">{\"@context\":\"https:\/\/schema.org\",\"@graph\":[{\"@type\":\"WebPage\",\"@id\":\"https:\/\/www.iniciatives.org\/es\/col%c2%b7laboradors\/\",\"url\":\"https:\/\/www.iniciatives.org\/es\/col%c2%b7laboradors\/\",\"name\":\"Colaboradores - Iniciatives Solid\u00e0ries\",\"isPartOf\":{\"@id\":\"https:\/\/www.iniciatives.org\/#website\"},\"primaryImageOfPage\":{\"@id\":\"https:\/\/www.iniciatives.org\/es\/col%c2%b7laboradors\/#primaryimage\"},\"image\":{\"@id\":\"https:\/\/www.iniciatives.org\/es\/col%c2%b7laboradors\/#primaryimage\"},\"thumbnailUrl\":\"https:\/\/www.iniciatives.org\/wp-content\/uploads\/2014\/12\/BannerCollaboradorsWeb.jpg\",\"datePublished\":\"2014-12-16T03:45:18+00:00\",\"dateModified\":\"2025-07-04T08:50:42+00:00\",\"breadcrumb\":{\"@id\":\"https:\/\/www.iniciatives.org\/es\/col%c2%b7laboradors\/#breadcrumb\"},\"inLanguage\":\"es\",\"potentialAction\":[{\"@type\":\"ReadAction\",\"target\":[\"https:\/\/www.iniciatives.org\/es\/col%c2%b7laboradors\/\"]}]},{\"@type\":\"ImageObject\",\"inLanguage\":\"es\",\"@id\":\"https:\/\/www.iniciatives.org\/es\/col%c2%b7laboradors\/#primaryimage\",\"url\":\"https:\/\/www.iniciatives.org\/wp-content\/uploads\/2014\/12\/BannerCollaboradorsWeb.jpg\",\"contentUrl\":\"https:\/\/www.iniciatives.org\/wp-content\/uploads\/2014\/12\/BannerCollaboradorsWeb.jpg\",\"width\":1230,\"height\":550,\"caption\":\"Col\u00b7laboradors. Dos nois carregant i descarregant material de neteja de la furgoneta d'Iniciatives Solid\u00e0ries.\"},{\"@type\":\"BreadcrumbList\",\"@id\":\"https:\/\/www.iniciatives.org\/es\/col%c2%b7laboradors\/#breadcrumb\",\"itemListElement\":[{\"@type\":\"ListItem\",\"position\":1,\"name\":\"Inici\",\"item\":\"https:\/\/www.iniciatives.org\/es\/\"},{\"@type\":\"ListItem\",\"position\":2,\"name\":\"Colaboradores\"}]},{\"@type\":\"WebSite\",\"@id\":\"https:\/\/www.iniciatives.org\/#website\",\"url\":\"https:\/\/www.iniciatives.org\/\",\"name\":\"Iniciatives Solid\u00e0ries\",\"description\":\"Iniciatives Solid\u00e0ries \u00e9s una ONG d\u2019acci\u00f3 social, acolliment i inserci\u00f3 social\",\"potentialAction\":[{\"@type\":\"SearchAction\",\"target\":{\"@type\":\"EntryPoint\",\"urlTemplate\":\"https:\/\/www.iniciatives.org\/?s={search_term_string}\"},\"query-input\":{\"@type\":\"PropertyValueSpecification\",\"valueRequired\":true,\"valueName\":\"search_term_string\"}}],\"inLanguage\":\"es\"}]}<\/script>\n<!-- \/ Yoast SEO plugin. -->","yoast_head_json":{"title":"Colaboradores - Iniciatives Solid\u00e0ries","robots":{"index":"index","follow":"follow","max-snippet":"max-snippet:-1","max-image-preview":"max-image-preview:large","max-video-preview":"max-video-preview:-1"},"canonical":"https:\/\/www.iniciatives.org\/es\/col\u00b7laboradors\/","og_locale":"es_ES","og_type":"article","og_title":"Colaboradores - Iniciatives Solid\u00e0ries","og_description":"El proyecto de Iniciatives Solid\u00e0ries es posible gracias a la colaboraci\u00f3n de todos vosotros. Gracias! ADMINISTRACIONES Ajuntament de Barcelona Ajuntament de Sant Boi Ajuntament de Santa Perp\u00e8tua de Mogoda Comunidad de Madrid Consorci de Serveis Socials de Barcelona Departament d\u2019Empresa i Ocupaci\u00f3 &#8211; Generalitat de Catalunya Departament de Governaci\u00f3 i Relacions Institucionals&nbsp;&#8211; Generalitat de Catalunya&hellip;&nbsp;Leer m\u00e1s &raquo;Colaboradores","og_url":"https:\/\/www.iniciatives.org\/es\/col\u00b7laboradors\/","og_site_name":"Iniciatives Solid\u00e0ries","article_modified_time":"2025-07-04T08:50:42+00:00","og_image":[{"width":1230,"height":550,"url":"https:\/\/www.iniciatives.org\/wp-content\/uploads\/2014\/12\/BannerCollaboradorsWeb.jpg","type":"image\/jpeg"}],"twitter_card":"summary_large_image","twitter_misc":{"Tiempo de lectura":"7 minutos"},"schema":{"@context":"https:\/\/schema.org","@graph":[{"@type":"WebPage","@id":"https:\/\/www.iniciatives.org\/es\/col%c2%b7laboradors\/","url":"https:\/\/www.iniciatives.org\/es\/col%c2%b7laboradors\/","name":"Colaboradores - Iniciatives Solid\u00e0ries","isPartOf":{"@id":"https:\/\/www.iniciatives.org\/#website"},"primaryImageOfPage":{"@id":"https:\/\/www.iniciatives.org\/es\/col%c2%b7laboradors\/#primaryimage"},"image":{"@id":"https:\/\/www.iniciatives.org\/es\/col%c2%b7laboradors\/#primaryimage"},"thumbnailUrl":"https:\/\/www.iniciatives.org\/wp-content\/uploads\/2014\/12\/BannerCollaboradorsWeb.jpg","datePublished":"2014-12-16T03:45:18+00:00","dateModified":"2025-07-04T08:50:42+00:00","breadcrumb":{"@id":"https:\/\/www.iniciatives.org\/es\/col%c2%b7laboradors\/#breadcrumb"},"inLanguage":"es","potentialAction":[{"@type":"ReadAction","target":["https:\/\/www.iniciatives.org\/es\/col%c2%b7laboradors\/"]}]},{"@type":"ImageObject","inLanguage":"es","@id":"https:\/\/www.iniciatives.org\/es\/col%c2%b7laboradors\/#primaryimage","url":"https:\/\/www.iniciatives.org\/wp-content\/uploads\/2014\/12\/BannerCollaboradorsWeb.jpg","contentUrl":"https:\/\/www.iniciatives.org\/wp-content\/uploads\/2014\/12\/BannerCollaboradorsWeb.jpg","width":1230,"height":550,"caption":"Col\u00b7laboradors. Dos nois carregant i descarregant material de neteja de la furgoneta d'Iniciatives Solid\u00e0ries."},{"@type":"BreadcrumbList","@id":"https:\/\/www.iniciatives.org\/es\/col%c2%b7laboradors\/#breadcrumb","itemListElement":[{"@type":"ListItem","position":1,"name":"Inici","item":"https:\/\/www.iniciatives.org\/es\/"},{"@type":"ListItem","position":2,"name":"Colaboradores"}]},{"@type":"WebSite","@id":"https:\/\/www.iniciatives.org\/#website","url":"https:\/\/www.iniciatives.org\/","name":"Iniciatives Solid\u00e0ries","description":"Iniciatives Solid\u00e0ries \u00e9s una ONG d\u2019acci\u00f3 social, acolliment i inserci\u00f3 social","potentialAction":[{"@type":"SearchAction","target":{"@type":"EntryPoint","urlTemplate":"https:\/\/www.iniciatives.org\/?s={search_term_string}"},"query-input":{"@type":"PropertyValueSpecification","valueRequired":true,"valueName":"search_term_string"}}],"inLanguage":"es"}]}},"_links":{"self":[{"href":"https:\/\/www.iniciatives.org\/es\/wp-json\/wp\/v2\/pages\/2425","targetHints":{"allow":["GET"]}}],"collection":[{"href":"https:\/\/www.iniciatives.org\/es\/wp-json\/wp\/v2\/pages"}],"about":[{"href":"https:\/\/www.iniciatives.org\/es\/wp-json\/wp\/v2\/types\/page"}],"author":[{"embeddable":true,"href":"https:\/\/www.iniciatives.org\/es\/wp-json\/wp\/v2\/users\/3"}],"replies":[{"embeddable":true,"href":"https:\/\/www.iniciatives.org\/es\/wp-json\/wp\/v2\/comments?post=2425"}],"version-history":[{"count":8,"href":"https:\/\/www.iniciatives.org\/es\/wp-json\/wp\/v2\/pages\/2425\/revisions"}],"predecessor-version":[{"id":5637,"href":"https:\/\/www.iniciatives.org\/es\/wp-json\/wp\/v2\/pages\/2425\/revisions\/5637"}],"wp:featuredmedia":[{"embeddable":true,"href":"https:\/\/www.iniciatives.org\/es\/wp-json\/wp\/v2\/media\/2426"}],"wp:attachment":[{"href":"https:\/\/www.iniciatives.org\/es\/wp-json\/wp\/v2\/media?parent=2425"}],"curies":[{"name":"wp","href":"https:\/\/api.w.org\/{rel}","templated":true}]}}